{"id":251,"date":"2021-09-17T16:11:30","date_gmt":"2021-09-17T14:11:30","guid":{"rendered":"https:\/\/wordpress02.gcms.verdigado.net\/gruene-bag-bildung\/?page_id=2"},"modified":"2024-08-29T13:57:02","modified_gmt":"2024-08-29T11:57:02","slug":"beispiel-seite-2","status":"publish","type":"page","link":"https:\/\/gruene-bag-bildung.de\/","title":{"rendered":"Hauptseite"},"content":{"rendered":"<div class=\"has-background latest-posts wp-block-sunflower-latest-posts\">\n        <div class=\"wp-block-group__inner-container\">\n            \n                <div class=\"row\" data-masonry='{\"percentPosition\": true }'><div class=\"col-md-6\">\n<article id=\"post-1364\" class=\"bg-white mb-4 has-shadow post-1364 post type-post status-publish format-standard has-post-thumbnail hentry category-allgemein\">\n\t<div class=\"\">\n\t\t\t\t\t<div class=\"\">\n\t\t\t\t<a href=\"https:\/\/gruene-bag-bildung.de\/index.php\/2026\/03\/06\/kurzbericht-bag-treffen-berlin-27-und-28-februar-2026\/\" aria-label=\"Post Thumbnail\" rel=\"bookmark\">\n\t\t\t\t\t\t\t\t<img loading=\"lazy\" decoding=\"async\" width=\"768\" height=\"576\" src=\"https:\/\/gruene-bag-bildung.de\/wp-content\/uploads\/2026\/03\/5285525821663679022-768x576.jpg\" class=\"post-thumbnail wp-post-image\" alt=\"BAG-Tagung Berlin \u2013 27. und 28. Februar 2026\" \/>\n\n\t\t\t\t\t\t\t<\/a>\n\t\t\t<\/div>\n\t\t\t\t\t<div class=\"p-45\">\n\t\t\t<header class=\"entry-header mb-2\">\n\t\t\t\t\t\t\t\t<h2 class=\"card-title h4 mb-3\"><a href=\"https:\/\/gruene-bag-bildung.de\/index.php\/2026\/03\/06\/kurzbericht-bag-treffen-berlin-27-und-28-februar-2026\/\" rel=\"bookmark\">BAG-Tagung Berlin \u2013 27. und 28. Februar 2026<\/a><\/h2>\t\t\t\t\t<div class=\"entry-meta mb-3\">\n\t\t\t\t\t\t<span class=\"posted-on\"><time class=\"entry-date published\" datetime=\"2026-03-06T08:57:14+01:00\">6. M\u00e4rz 2026<\/time><time class=\"updated\" datetime=\"2026-03-08T21:23:21+01:00\">8. M\u00e4rz 2026<\/time><\/span>\t\t\t\t\t<\/div><!-- .entry-meta -->\n\t\t\t\t\t\t\t\t<\/header><!-- .entry-header -->\n\n\t\t\t<div class=\"entry-content\">\n\t\t\t\t<a href=\"https:\/\/gruene-bag-bildung.de\/index.php\/2026\/03\/06\/kurzbericht-bag-treffen-berlin-27-und-28-februar-2026\/\" rel=\"bookmark\">\n\t\t\t\t<p>Tag 1 \u2013 Freitag, 27.02.2026Zum Start unserer Fr\u00fchjahrstagung in Berlin hatten wir vormittags die Gelegenheit mit einer kleinen Gruppe die Maria-Leo-Grundschule in Berlin-Pankow zu besuchen. Die Schule wurde im Jahr [&hellip;]<\/p>\n\t\t\t\t<\/a>\n\t\t\t<\/div><!-- .entry-content -->\n\n\t\t\t<footer class=\"entry-footer\">\n\t\t\t\t\t\t\t<div class=\"d-flex mt-2 mb-2\">\n\t\t\t\t\t\t\t\t<div>\n\t\t<span class=\"cat-links small\"><a href=\"https:\/\/gruene-bag-bildung.de\/index.php\/category\/allgemein\/\" rel=\"category tag\">Allgemein<\/a><\/span>\n\t\t\t\t<\/div>\n\t\t\t<\/div>\n\t\t\n\t\t\t\t<div class=\"d-flex flex-row-reverse\">\n\t\t\t\t\t<a href=\"https:\/\/gruene-bag-bildung.de\/index.php\/2026\/03\/06\/kurzbericht-bag-treffen-berlin-27-und-28-februar-2026\/\" rel=\"bookmark\" class=\"continue-reading\">\n\t\t\t\t\tweiterlesen\t\t\t\t<\/a>\n\t\t\t\t<\/div>\n\t\t\t<\/footer><!-- .entry-footer -->\n\t\t<\/div>\n\t<\/div>\n<\/article><!-- #post-1364 -->\n<\/div><div class=\"col-md-6\">\n<article id=\"post-1316\" class=\"bg-white mb-4 has-shadow post-1316 post type-post status-publish format-standard has-post-thumbnail hentry category-allgemein tag-berlin tag-berufliche-bildung tag-fachtag\">\n\t<div class=\"\">\n\t\t\t\t\t<div class=\"\">\n\t\t\t\t<a href=\"https:\/\/gruene-bag-bildung.de\/index.php\/2026\/02\/18\/bericht-zur-fachtagung-der-bag-bildung-am-30-31-januar-2026\/\" aria-label=\"Post Thumbnail\" rel=\"bookmark\">\n\t\t\t\t\t\t\t\t<img loading=\"lazy\" decoding=\"async\" width=\"768\" height=\"512\" src=\"https:\/\/gruene-bag-bildung.de\/wp-content\/uploads\/2026\/02\/HPX_1212-1-768x512.jpg\" class=\"post-thumbnail wp-post-image\" alt=\"Bericht zur Fachtagung der BAG Bildung am 30.\/31. Januar 2026\" \/>\n\n\t\t\t\t\t\t\t<\/a>\n\t\t\t<\/div>\n\t\t\t\t\t<div class=\"p-45\">\n\t\t\t<header class=\"entry-header mb-2\">\n\t\t\t\t\t\t\t\t<h2 class=\"card-title h4 mb-3\"><a href=\"https:\/\/gruene-bag-bildung.de\/index.php\/2026\/02\/18\/bericht-zur-fachtagung-der-bag-bildung-am-30-31-januar-2026\/\" rel=\"bookmark\">Bericht zur Fachtagung der BAG Bildung am 30.\/31. Januar 2026<\/a><\/h2>\t\t\t\t\t<div class=\"entry-meta mb-3\">\n\t\t\t\t\t\t<span class=\"posted-on\"><time class=\"entry-date published\" datetime=\"2026-02-18T12:54:39+01:00\">18. Februar 2026<\/time><time class=\"updated\" datetime=\"2026-02-20T16:30:29+01:00\">20. Februar 2026<\/time><\/span>\t\t\t\t\t<\/div><!-- .entry-meta -->\n\t\t\t\t\t\t\t\t<\/header><!-- .entry-header -->\n\n\t\t\t<div class=\"entry-content\">\n\t\t\t\t<a href=\"https:\/\/gruene-bag-bildung.de\/index.php\/2026\/02\/18\/bericht-zur-fachtagung-der-bag-bildung-am-30-31-januar-2026\/\" rel=\"bookmark\">\n\t\t\t\t<p>Berufliche Bildung als Schl\u00fcssel zur Transformation: zentrale Akteure im Gespr\u00e4ch Unter dem Titel \u201eBerufsbildung als Handlungsfeld der Transformation: Perspektiven GR\u00dcNER Politik\u201c hatte die Fokusgruppe Berufliche Bildung der Bundesarbeitsgemeinschaft (BAG) Bildung [&hellip;]<\/p>\n\t\t\t\t<\/a>\n\t\t\t<\/div><!-- .entry-content -->\n\n\t\t\t<footer class=\"entry-footer\">\n\t\t\t\t\t\t\t<div class=\"d-flex mt-2 mb-2\">\n\t\t\t\t\t\t\t\t<div>\n\t\t<span class=\"cat-links small\"><a href=\"https:\/\/gruene-bag-bildung.de\/index.php\/category\/allgemein\/\" rel=\"category tag\">Allgemein<\/a><\/span><br><span class=\"tags-links small\"><a href=\"https:\/\/gruene-bag-bildung.de\/index.php\/tag\/berlin\/\" rel=\"tag\">Berlin<\/a>, <a href=\"https:\/\/gruene-bag-bildung.de\/index.php\/tag\/berufliche-bildung\/\" rel=\"tag\">Berufliche Bildung<\/a>, <a href=\"https:\/\/gruene-bag-bildung.de\/index.php\/tag\/fachtag\/\" rel=\"tag\">Fachtag<\/a><\/span>\n\t\t\t\t<\/div>\n\t\t\t<\/div>\n\t\t\n\t\t\t\t<div class=\"d-flex flex-row-reverse\">\n\t\t\t\t\t<a href=\"https:\/\/gruene-bag-bildung.de\/index.php\/2026\/02\/18\/bericht-zur-fachtagung-der-bag-bildung-am-30-31-januar-2026\/\" rel=\"bookmark\" class=\"continue-reading\">\n\t\t\t\t\tweiterlesen\t\t\t\t<\/a>\n\t\t\t\t<\/div>\n\t\t\t<\/footer><!-- .entry-footer -->\n\t\t<\/div>\n\t<\/div>\n<\/article><!-- #post-1316 -->\n<\/div><div class=\"col-md-6\">\n<article id=\"post-1167\" class=\"bg-white mb-4 has-shadow post-1167 post type-post status-publish format-standard has-post-thumbnail hentry category-allgemein\">\n\t<div class=\"\">\n\t\t\t\t\t<div class=\"\">\n\t\t\t\t<a href=\"https:\/\/gruene-bag-bildung.de\/index.php\/2025\/12\/17\/einladung-zur-fachtagung-am-30-31-januar-2026-in-berlin-berufsbildung-als-handlungsfeld-der-transformation-perspektiven-gruener-politik\/\" aria-label=\"Post Thumbnail\" rel=\"bookmark\">\n\t\t\t\t\t\t\t\t<img loading=\"lazy\" decoding=\"async\" width=\"768\" height=\"480\" src=\"https:\/\/gruene-bag-bildung.de\/wp-content\/uploads\/2025\/12\/841939_energiewende_berlin-pics_pixelio-768x480.jpg\" class=\"post-thumbnail wp-post-image\" alt=\"Einladung zur Fachtagung am 30.\/31. Januar 2026 in Berlin Berufsbildung als Handlungsfeld der Transformation: Perspektiven GR\u00dcNER Politik\" \/>\n\n\t\t\t\t\t\t\t<\/a>\n\t\t\t<\/div>\n\t\t\t\t\t<div class=\"p-45\">\n\t\t\t<header class=\"entry-header mb-2\">\n\t\t\t\t\t\t\t\t<h2 class=\"card-title h4 mb-3\"><a href=\"https:\/\/gruene-bag-bildung.de\/index.php\/2025\/12\/17\/einladung-zur-fachtagung-am-30-31-januar-2026-in-berlin-berufsbildung-als-handlungsfeld-der-transformation-perspektiven-gruener-politik\/\" rel=\"bookmark\">Einladung zur Fachtagung am 30.\/31. Januar 2026 in Berlin Berufsbildung als Handlungsfeld der Transformation: Perspektiven GR\u00dcNER Politik<\/a><\/h2>\t\t\t\t\t<div class=\"entry-meta mb-3\">\n\t\t\t\t\t\t<span class=\"posted-on\"><time class=\"entry-date published\" datetime=\"2025-12-17T23:25:51+01:00\">17. Dezember 2025<\/time><time class=\"updated\" datetime=\"2026-01-28T13:36:57+01:00\">28. Januar 2026<\/time><\/span>\t\t\t\t\t<\/div><!-- .entry-meta -->\n\t\t\t\t\t\t\t\t<\/header><!-- .entry-header -->\n\n\t\t\t<div class=\"entry-content\">\n\t\t\t\t<a href=\"https:\/\/gruene-bag-bildung.de\/index.php\/2025\/12\/17\/einladung-zur-fachtagung-am-30-31-januar-2026-in-berlin-berufsbildung-als-handlungsfeld-der-transformation-perspektiven-gruener-politik\/\" rel=\"bookmark\">\n\t\t\t\t<p>Berufsbildung ist ein wichtiges Handlungsfeld der Transformation. Klimaneutralit\u00e4t,Digitalisierung und die demografische Entwicklung bedingen weitreichendeAnpassungsprozesse und Innovationen in Wirtschaft und Gesellschaft. Erforderlich sindgezielte Investitionen, zum Beispiel in den Sektoren Energiewirtschaft, Industrie, [&hellip;]<\/p>\n\t\t\t\t<\/a>\n\t\t\t<\/div><!-- .entry-content -->\n\n\t\t\t<footer class=\"entry-footer\">\n\t\t\t\t\t\t\t<div class=\"d-flex mt-2 mb-2\">\n\t\t\t\t\t\t\t\t<div>\n\t\t<span class=\"cat-links small\"><a href=\"https:\/\/gruene-bag-bildung.de\/index.php\/category\/allgemein\/\" rel=\"category tag\">Allgemein<\/a><\/span>\n\t\t\t\t<\/div>\n\t\t\t<\/div>\n\t\t\n\t\t\t\t<div class=\"d-flex flex-row-reverse\">\n\t\t\t\t\t<a href=\"https:\/\/gruene-bag-bildung.de\/index.php\/2025\/12\/17\/einladung-zur-fachtagung-am-30-31-januar-2026-in-berlin-berufsbildung-als-handlungsfeld-der-transformation-perspektiven-gruener-politik\/\" rel=\"bookmark\" class=\"continue-reading\">\n\t\t\t\t\tweiterlesen\t\t\t\t<\/a>\n\t\t\t\t<\/div>\n\t\t\t<\/footer><!-- .entry-footer -->\n\t\t<\/div>\n\t<\/div>\n<\/article><!-- #post-1167 -->\n<\/div><div class=\"col-md-6\">\n<article id=\"post-1128\" class=\"bg-white mb-4 has-shadow post-1128 post type-post status-publish format-standard has-post-thumbnail hentry category-allgemein\">\n\t<div class=\"\">\n\t\t\t\t\t<div class=\"\">\n\t\t\t\t<a href=\"https:\/\/gruene-bag-bildung.de\/index.php\/2025\/12\/05\/bag-bildung-in-darmstadt-im-oktober-2025\/\" aria-label=\"Post Thumbnail\" rel=\"bookmark\">\n\t\t\t\t\t\t\t\t<img loading=\"lazy\" decoding=\"async\" width=\"768\" height=\"576\" src=\"https:\/\/gruene-bag-bildung.de\/wp-content\/uploads\/2025\/12\/IMG_1721.HEIC-768x576.jpg\" class=\"post-thumbnail wp-post-image\" alt=\"BAG Bildung in Darmstadt im Oktober 2025\" \/>\n\n\t\t\t\t\t\t\t<\/a>\n\t\t\t<\/div>\n\t\t\t\t\t<div class=\"p-45\">\n\t\t\t<header class=\"entry-header mb-2\">\n\t\t\t\t\t\t\t\t<h2 class=\"card-title h4 mb-3\"><a href=\"https:\/\/gruene-bag-bildung.de\/index.php\/2025\/12\/05\/bag-bildung-in-darmstadt-im-oktober-2025\/\" rel=\"bookmark\">BAG Bildung in Darmstadt im Oktober 2025<\/a><\/h2>\t\t\t\t\t<div class=\"entry-meta mb-3\">\n\t\t\t\t\t\t<span class=\"posted-on\"><time class=\"entry-date published\" datetime=\"2025-12-05T16:52:12+01:00\">5. Dezember 2025<\/time><time class=\"updated\" datetime=\"2025-12-05T16:57:24+01:00\">5. Dezember 2025<\/time><\/span>\t\t\t\t\t<\/div><!-- .entry-meta -->\n\t\t\t\t\t\t\t\t<\/header><!-- .entry-header -->\n\n\t\t\t<div class=\"entry-content\">\n\t\t\t\t<a href=\"https:\/\/gruene-bag-bildung.de\/index.php\/2025\/12\/05\/bag-bildung-in-darmstadt-im-oktober-2025\/\" rel=\"bookmark\">\n\t\t\t\t<p>Am 17. und 18. Oktober 2025 kamen wir, rund 30 Delegierte aus 12 Bundesl\u00e4ndern sowie unsere Bundestagsabgeordneten, in Darmstadt zusammen. Bei unserem Bund-L\u00e4nder-Treffen der BAG Bildung haben wir uns intensiv [&hellip;]<\/p>\n\t\t\t\t<\/a>\n\t\t\t<\/div><!-- .entry-content -->\n\n\t\t\t<footer class=\"entry-footer\">\n\t\t\t\t\t\t\t<div class=\"d-flex mt-2 mb-2\">\n\t\t\t\t\t\t\t\t<div>\n\t\t<span class=\"cat-links small\"><a href=\"https:\/\/gruene-bag-bildung.de\/index.php\/category\/allgemein\/\" rel=\"category tag\">Allgemein<\/a><\/span>\n\t\t\t\t<\/div>\n\t\t\t<\/div>\n\t\t\n\t\t\t\t<div class=\"d-flex flex-row-reverse\">\n\t\t\t\t\t<a href=\"https:\/\/gruene-bag-bildung.de\/index.php\/2025\/12\/05\/bag-bildung-in-darmstadt-im-oktober-2025\/\" rel=\"bookmark\" class=\"continue-reading\">\n\t\t\t\t\tweiterlesen\t\t\t\t<\/a>\n\t\t\t\t<\/div>\n\t\t\t<\/footer><!-- .entry-footer -->\n\t\t<\/div>\n\t<\/div>\n<\/article><!-- #post-1128 -->\n<\/div><div class=\"col-md-6\">\n<article id=\"post-1085\" class=\"bg-white mb-4 has-shadow post-1085 post type-post status-publish format-standard has-post-thumbnail hentry category-allgemein tag-berufsbildung tag-fachtagung tag-transformation tag-veranstaltung\">\n\t<div class=\"\">\n\t\t\t\t\t<div class=\"\">\n\t\t\t\t<a href=\"https:\/\/gruene-bag-bildung.de\/index.php\/2025\/08\/19\/save-the-date-fachtagung-berufsbildung-als-handlungsfeld-der-transformation-perspektiven-gruenerpolitik\/\" aria-label=\"Post Thumbnail\" rel=\"bookmark\">\n\t\t\t\t\t\t\t\t<img loading=\"lazy\" decoding=\"async\" width=\"768\" height=\"512\" src=\"https:\/\/gruene-bag-bildung.de\/wp-content\/uploads\/2025\/08\/solar-8656654_1280-768x512.jpg\" class=\"post-thumbnail wp-post-image\" alt=\"SAVE-THE-DATE: Fachtagung &#8222;Berufsbildung als Handlungsfeld der Transformation: Perspektiven GR\u00dcNERPolitik&#8220; am 30.\/31.01.26 in Berlin\" \/>\n\n\t\t\t\t\t\t\t<\/a>\n\t\t\t<\/div>\n\t\t\t\t\t<div class=\"p-45\">\n\t\t\t<header class=\"entry-header mb-2\">\n\t\t\t\t\t\t\t\t<h2 class=\"card-title h4 mb-3\"><a href=\"https:\/\/gruene-bag-bildung.de\/index.php\/2025\/08\/19\/save-the-date-fachtagung-berufsbildung-als-handlungsfeld-der-transformation-perspektiven-gruenerpolitik\/\" rel=\"bookmark\">SAVE-THE-DATE: Fachtagung &#8222;Berufsbildung als Handlungsfeld der Transformation: Perspektiven GR\u00dcNERPolitik&#8220; am 30.\/31.01.26 in Berlin<\/a><\/h2>\t\t\t\t\t<div class=\"entry-meta mb-3\">\n\t\t\t\t\t\t<span class=\"posted-on\"><time class=\"entry-date published\" datetime=\"2025-08-19T13:30:38+02:00\">19. August 2025<\/time><time class=\"updated\" datetime=\"2025-11-12T15:14:53+01:00\">12. November 2025<\/time><\/span>\t\t\t\t\t<\/div><!-- .entry-meta -->\n\t\t\t\t\t\t\t\t<\/header><!-- .entry-header -->\n\n\t\t\t<div class=\"entry-content\">\n\t\t\t\t<a href=\"https:\/\/gruene-bag-bildung.de\/index.php\/2025\/08\/19\/save-the-date-fachtagung-berufsbildung-als-handlungsfeld-der-transformation-perspektiven-gruenerpolitik\/\" rel=\"bookmark\">\n\t\t\t\t<p>Berufsbildung ist ein wichtiges Handlungsfeld der Transformation. Transformationstreiber sind vor allem die drei \u201eD-Aspekte\u201d Dekarbonisierung, Digitalisierung und demografischer Wandel. Klimaneutralit\u00e4t erfordert zus\u00e4tzliche Investitionen, insbesondere in den Sektoren Energiewirtschaft, Industrie, Bauen, [&hellip;]<\/p>\n\t\t\t\t<\/a>\n\t\t\t<\/div><!-- .entry-content -->\n\n\t\t\t<footer class=\"entry-footer\">\n\t\t\t\t\t\t\t<div class=\"d-flex mt-2 mb-2\">\n\t\t\t\t\t\t\t\t<div>\n\t\t<span class=\"cat-links small\"><a href=\"https:\/\/gruene-bag-bildung.de\/index.php\/category\/allgemein\/\" rel=\"category tag\">Allgemein<\/a><\/span><br><span class=\"tags-links small\"><a href=\"https:\/\/gruene-bag-bildung.de\/index.php\/tag\/berufsbildung\/\" rel=\"tag\">Berufsbildung<\/a>, <a href=\"https:\/\/gruene-bag-bildung.de\/index.php\/tag\/fachtagung\/\" rel=\"tag\">Fachtagung<\/a>, <a href=\"https:\/\/gruene-bag-bildung.de\/index.php\/tag\/transformation\/\" rel=\"tag\">Transformation<\/a>, <a href=\"https:\/\/gruene-bag-bildung.de\/index.php\/tag\/veranstaltung\/\" rel=\"tag\">Veranstaltung<\/a><\/span>\n\t\t\t\t<\/div>\n\t\t\t<\/div>\n\t\t\n\t\t\t\t<div class=\"d-flex flex-row-reverse\">\n\t\t\t\t\t<a href=\"https:\/\/gruene-bag-bildung.de\/index.php\/2025\/08\/19\/save-the-date-fachtagung-berufsbildung-als-handlungsfeld-der-transformation-perspektiven-gruenerpolitik\/\" rel=\"bookmark\" class=\"continue-reading\">\n\t\t\t\t\tweiterlesen\t\t\t\t<\/a>\n\t\t\t\t<\/div>\n\t\t\t<\/footer><!-- .entry-footer -->\n\t\t<\/div>\n\t<\/div>\n<\/article><!-- #post-1085 -->\n<\/div><div class=\"col-md-6\">\n<article id=\"post-1045\" class=\"bg-white mb-4 has-shadow post-1045 post type-post status-publish format-standard has-post-thumbnail hentry category-allgemein tag-bildungsforschung tag-demokratiebildung tag-digitalpakt tag-medienbildung tag-ostdeutschland tag-startchancenprogramm tag-tagungsbericht\">\n\t<div class=\"\">\n\t\t\t\t\t<div class=\"\">\n\t\t\t\t<a href=\"https:\/\/gruene-bag-bildung.de\/index.php\/2025\/07\/25\/unsere-bag-sitzung-am-27-28-juni-2025-in-hofgeismar\/\" aria-label=\"Post Thumbnail\" rel=\"bookmark\">\n\t\t\t\t\t\t\t\t<img loading=\"lazy\" decoding=\"async\" width=\"768\" height=\"576\" src=\"https:\/\/gruene-bag-bildung.de\/wp-content\/uploads\/2025\/07\/IMG_08661.HEIC-768x576.jpg\" class=\"post-thumbnail wp-post-image\" alt=\"Unsere BAG-Sitzung am 27.\u201328. Juni 2025 in Hofgeismar\" \/>\n\n\t\t\t\t\t\t\t<\/a>\n\t\t\t<\/div>\n\t\t\t\t\t<div class=\"p-45\">\n\t\t\t<header class=\"entry-header mb-2\">\n\t\t\t\t\t\t\t\t<h2 class=\"card-title h4 mb-3\"><a href=\"https:\/\/gruene-bag-bildung.de\/index.php\/2025\/07\/25\/unsere-bag-sitzung-am-27-28-juni-2025-in-hofgeismar\/\" rel=\"bookmark\">Unsere BAG-Sitzung am 27.\u201328. Juni 2025 in Hofgeismar<\/a><\/h2>\t\t\t\t\t<div class=\"entry-meta mb-3\">\n\t\t\t\t\t\t<span class=\"posted-on\"><time class=\"entry-date published\" datetime=\"2025-07-25T00:56:13+02:00\">25. Juli 2025<\/time><time class=\"updated\" datetime=\"2025-07-25T01:02:51+02:00\">25. Juli 2025<\/time><\/span>\t\t\t\t\t<\/div><!-- .entry-meta -->\n\t\t\t\t\t\t\t\t<\/header><!-- .entry-header -->\n\n\t\t\t<div class=\"entry-content\">\n\t\t\t\t<a href=\"https:\/\/gruene-bag-bildung.de\/index.php\/2025\/07\/25\/unsere-bag-sitzung-am-27-28-juni-2025-in-hofgeismar\/\" rel=\"bookmark\">\n\t\t\t\t<p>Bericht von der Bildungsministerkonferenz Am Freitagnachmittag startete unsere BAG-Sitzung mit einem Bericht von Theresa Schopper von der Bildungsministerkonferenz, die am 26.6.25 auf der Insel Poel stattfand. Die Bildungsministerkonferenz hat sich [&hellip;]<\/p>\n\t\t\t\t<\/a>\n\t\t\t<\/div><!-- .entry-content -->\n\n\t\t\t<footer class=\"entry-footer\">\n\t\t\t\t\t\t\t<div class=\"d-flex mt-2 mb-2\">\n\t\t\t\t\t\t\t\t<div>\n\t\t<span class=\"cat-links small\"><a href=\"https:\/\/gruene-bag-bildung.de\/index.php\/category\/allgemein\/\" rel=\"category tag\">Allgemein<\/a><\/span><br><span class=\"tags-links small\"><a href=\"https:\/\/gruene-bag-bildung.de\/index.php\/tag\/bildungsforschung\/\" rel=\"tag\">Bildungsforschung<\/a>, <a href=\"https:\/\/gruene-bag-bildung.de\/index.php\/tag\/demokratiebildung\/\" rel=\"tag\">Demokratiebildung<\/a>, <a href=\"https:\/\/gruene-bag-bildung.de\/index.php\/tag\/digitalpakt\/\" rel=\"tag\">Digitalpakt<\/a>, <a href=\"https:\/\/gruene-bag-bildung.de\/index.php\/tag\/medienbildung\/\" rel=\"tag\">Medienbildung<\/a>, <a href=\"https:\/\/gruene-bag-bildung.de\/index.php\/tag\/ostdeutschland\/\" rel=\"tag\">Ostdeutschland<\/a>, <a href=\"https:\/\/gruene-bag-bildung.de\/index.php\/tag\/startchancenprogramm\/\" rel=\"tag\">Startchancenprogramm<\/a>, <a href=\"https:\/\/gruene-bag-bildung.de\/index.php\/tag\/tagungsbericht\/\" rel=\"tag\">Tagungsbericht<\/a><\/span>\n\t\t\t\t<\/div>\n\t\t\t<\/div>\n\t\t\n\t\t\t\t<div class=\"d-flex flex-row-reverse\">\n\t\t\t\t\t<a href=\"https:\/\/gruene-bag-bildung.de\/index.php\/2025\/07\/25\/unsere-bag-sitzung-am-27-28-juni-2025-in-hofgeismar\/\" rel=\"bookmark\" class=\"continue-reading\">\n\t\t\t\t\tweiterlesen\t\t\t\t<\/a>\n\t\t\t\t<\/div>\n\t\t\t<\/footer><!-- .entry-footer -->\n\t\t<\/div>\n\t<\/div>\n<\/article><!-- #post-1045 -->\n<\/div>\n    <a class=\"text-white no-link d-block bg-primary has-green-550-hover-background-color border-radius\" href=\"https:\/\/gruene-bag-bildung.de?post_type=post\" rel=\"\">\n        <div class=\"p-45 row\">\n        <span class=\"continue-reading text-white text-center pt-0\">zum Blog-Archiv<\/span>\n        <\/div>\n    <\/a>\n<\/div><\/div><\/div>\n\n\n<hr class=\"wp-block-separator has-alpha-channel-opacity\"\/>\n\n\n\n<div class=\"wp-block-group same-height has-white-background-color has-background is-layout-flow wp-block-group-is-layout-flow\"> <div class=\"wp-block-group alignfull sunflower-has-background-dim has-text-color has-white-color has-background is-vertical is-content-justification-center is-content-justification-center is-layout-flex wp-block-group-is-layout-flex next-events \">\n                    <div class=\"wp-block-group__inner-container\">\n                        <h2 class=\"wp-block-heading has-text-align-center h1\">N\u00e4chste Termine<\/h2>\n                        <div class=\"wp-block-button text-center mb-5\"><a class=\"wp-block-button__link no-border-radius\" href=\"https:\/\/gruene-bag-bildung.de\/index.php\/termine\/\" rel=\"\">Alle Termine<\/a><\/div>\n                    <div class=\"row\"><div class=\"col-12  mb-4\">\n\n<a href=\"https:\/\/gruene-bag-bildung.de\/index.php\/termine\/bag-sitzung-5-6-juni-2026\/\" class=\"event-card \" rel=\"bookmark\">\n<article id=\"post-1108\" class=\"event has-shadow post-1108 sunflower_event type-sunflower_event status-publish hentry\">\n\t<div class=\"p-4\">\n\t\t\t\t<div class=\"event-archive-meta\">\n\t\t\t<div class=\"text-uppercase small\">Freitag \u2013 Samstag<\/div>\n\t\t\t<div class=\"date\">\n\t\t\t\t<time datetime=\"2026-06-05 15:00\">\n\t\t\t\t\t05. \u2013 06.06.2026 <span class=\"small\">15:00 \u2013 16:00 Uhr<\/span>\t\t\t\t<\/time>\n\t\t\t<\/div>\n\t\t\t<div class=\"fst-italic small\">\n\t\t\t\t\t\t\t<\/div>\n\t\t<\/div>\n\n\t\t<div class=\"mt-2\">\n\t\t\t<header class=\"entry-header pt-2 pb-2\">\n\t\t\t\t<span class=\"h2\">BAG Sitzung am 5.\/6. Juni 2026 in Hofgeismar<\/span>\t\t\t<\/header><!-- .entry-header -->\n\n\n\t\t\t<div class=\"entry-content\">\n\t\t\t\t<p>Details folgen noch<\/p>\n\t\t\t<\/div><!-- .entry-content -->\n\n\t\t<\/div>\n\n\t<\/div>\n<\/article><!-- #post-1108 -->\n<\/a>\n<\/div><\/div><\/div><\/div>\n\n\n<hr class=\"wp-block-separator has-css-opacity\"\/>\n\n\n\n<p class=\"has-text-align-center\"><strong>Gr\u00fcne Programmatik<\/strong><\/p>\n\n\n\n<hr class=\"wp-block-separator has-css-opacity\"\/>\n\n\n\n<div class=\"wp-block-columns is-layout-flex wp-container-core-columns-is-layout-9d6595d7 wp-block-columns-is-layout-flex\">\n<div class=\"wp-block-column is-layout-flow wp-block-column-is-layout-flow\">\n<figure class=\"wp-block-image size-full\"><a href=\"https:\/\/wordpress16.gcms.verdigado.net\/wp-content\/uploads\/2021\/11\/Koalitionsvertrag-SPD-GRUENE-FDP-2021-2025.pdf\"><img loading=\"lazy\" decoding=\"async\" width=\"394\" height=\"467\" src=\"https:\/\/wordpress16.gcms.verdigado.net\/wp-content\/uploads\/2021\/11\/koav-e1638279578822.jpg\" alt=\"\" class=\"wp-image-97\" srcset=\"https:\/\/gruene-bag-bildung.de\/wp-content\/uploads\/2021\/11\/koav-e1638279578822.jpg 394w, https:\/\/gruene-bag-bildung.de\/wp-content\/uploads\/2021\/11\/koav-e1638279578822-253x300.jpg 253w\" sizes=\"auto, (max-width: 394px) 100vw, 394px\" \/><\/a><figcaption class=\"wp-element-caption\">Koalitionsvertrag<\/figcaption><\/figure>\n<\/div>\n\n\n\n<div class=\"wp-block-column is-layout-flow wp-block-column-is-layout-flow\">\n<figure class=\"wp-block-image size-full\"><a href=\"https:\/\/wordpress16.gcms.verdigado.net\/wp-content\/uploads\/2021\/11\/Wahlprogramm-DIE-GRUENEN-Bundestagswahl-2021_barrierefrei1.pdf\"><img loading=\"lazy\" decoding=\"async\" width=\"388\" height=\"514\" src=\"https:\/\/wordpress16.gcms.verdigado.net\/wp-content\/uploads\/2021\/11\/wahlprog.jpg\" alt=\"\" class=\"wp-image-96\" srcset=\"https:\/\/gruene-bag-bildung.de\/wp-content\/uploads\/2021\/11\/wahlprog.jpg 388w, https:\/\/gruene-bag-bildung.de\/wp-content\/uploads\/2021\/11\/wahlprog-226x300.jpg 226w\" sizes=\"auto, (max-width: 388px) 100vw, 388px\" \/><\/a><figcaption class=\"wp-element-caption\">Bundestagswahlprogramm<\/figcaption><\/figure>\n<\/div>\n\n\n\n<div class=\"wp-block-column is-layout-flow wp-block-column-is-layout-flow\">\n<figure class=\"wp-block-image size-full\"><a href=\"https:\/\/wordpress16.gcms.verdigado.net\/wp-content\/uploads\/2021\/11\/20200125_Grundsatzprogramm2.pdf\"><img loading=\"lazy\" decoding=\"async\" width=\"363\" height=\"507\" src=\"https:\/\/wordpress16.gcms.verdigado.net\/wp-content\/uploads\/2021\/11\/grundsatzprog.jpg\" alt=\"\" class=\"wp-image-95\" srcset=\"https:\/\/gruene-bag-bildung.de\/wp-content\/uploads\/2021\/11\/grundsatzprog.jpg 363w, https:\/\/gruene-bag-bildung.de\/wp-content\/uploads\/2021\/11\/grundsatzprog-215x300.jpg 215w\" sizes=\"auto, (max-width: 363px) 100vw, 363px\" \/><\/a><figcaption class=\"wp-element-caption\">Grundsatzprogramm<\/figcaption><\/figure>\n<\/div>\n<\/div>\n\n\n\n<hr class=\"wp-block-separator has-css-opacity\"\/>\n\n\n\n<div class=\"wp-block-columns is-layout-flex wp-container-core-columns-is-layout-9d6595d7 wp-block-columns-is-layout-flex\">\n<div class=\"wp-block-column is-layout-flow wp-block-column-is-layout-flow\">\n<p class=\"has-text-align-center\"><strong>Bildungspolitische Positionspapiere der Heinrich-B\u00f6ll-Stiftung<\/strong><\/p>\n\n\n\n<hr class=\"wp-block-separator has-css-opacity\"\/>\n\n\n\n<div class=\"wp-block-columns is-layout-flex wp-container-core-columns-is-layout-9d6595d7 wp-block-columns-is-layout-flex\">\n<div class=\"wp-block-column is-layout-flow wp-block-column-is-layout-flow\">\n<figure class=\"wp-block-image size-large\"><a href=\"https:\/\/gruene-bag-bildung.de\/wp-content\/uploads\/2022\/11\/bildung-im-sozialraum-endfassung.pdf\"><img loading=\"lazy\" decoding=\"async\" width=\"710\" height=\"1024\" src=\"https:\/\/gruene-bag-bildung.de\/wp-content\/uploads\/2022\/11\/bildung-in-sozialraumen-cover-01-1-710x1024.jpg\" alt=\"\" class=\"wp-image-398\" srcset=\"https:\/\/gruene-bag-bildung.de\/wp-content\/uploads\/2022\/11\/bildung-in-sozialraumen-cover-01-1-710x1024.jpg 710w, https:\/\/gruene-bag-bildung.de\/wp-content\/uploads\/2022\/11\/bildung-in-sozialraumen-cover-01-1-208x300.jpg 208w, https:\/\/gruene-bag-bildung.de\/wp-content\/uploads\/2022\/11\/bildung-in-sozialraumen-cover-01-1-768x1107.jpg 768w, https:\/\/gruene-bag-bildung.de\/wp-content\/uploads\/2022\/11\/bildung-in-sozialraumen-cover-01-1.jpg 836w\" sizes=\"auto, (max-width: 710px) 100vw, 710px\" \/><\/a><\/figure>\n<\/div>\n\n\n\n<div class=\"wp-block-column is-layout-flow wp-block-column-is-layout-flow\"><\/div>\n\n\n\n<div class=\"wp-block-column is-layout-flow wp-block-column-is-layout-flow\"><\/div>\n<\/div>\n\n\n\n<hr class=\"wp-block-separator has-alpha-channel-opacity\"\/>\n\n\n\n<div class=\"wp-block-columns is-layout-flex wp-container-core-columns-is-layout-9d6595d7 wp-block-columns-is-layout-flex\">\n<div class=\"wp-block-column is-layout-flow wp-block-column-is-layout-flow\">\n<div class=\"wp-block-columns is-layout-flex wp-container-core-columns-is-layout-9d6595d7 wp-block-columns-is-layout-flex\">\n<div class=\"wp-block-column is-layout-flow wp-block-column-is-layout-flow\">\n<figure class=\"wp-block-image size-large\"><a href=\"https:\/\/www.boell.de\/de\/2021\/11\/05\/bessere-bildungschancen-fuer-sozial-benachteiligte-junge-menschen\"><img loading=\"lazy\" decoding=\"async\" width=\"775\" height=\"1024\" src=\"https:\/\/wordpress16.gcms.verdigado.net\/wp-content\/uploads\/2021\/12\/Bildungschancen_boell_brief-775x1024.png\" alt=\"\" class=\"wp-image-207\" srcset=\"https:\/\/gruene-bag-bildung.de\/wp-content\/uploads\/2021\/12\/Bildungschancen_boell_brief-775x1024.png 775w, https:\/\/gruene-bag-bildung.de\/wp-content\/uploads\/2021\/12\/Bildungschancen_boell_brief-227x300.png 227w, https:\/\/gruene-bag-bildung.de\/wp-content\/uploads\/2021\/12\/Bildungschancen_boell_brief-768x1015.png 768w, https:\/\/gruene-bag-bildung.de\/wp-content\/uploads\/2021\/12\/Bildungschancen_boell_brief-1162x1536.png 1162w, https:\/\/gruene-bag-bildung.de\/wp-content\/uploads\/2021\/12\/Bildungschancen_boell_brief.png 1176w\" sizes=\"auto, (max-width: 775px) 100vw, 775px\" \/><\/a><\/figure>\n<\/div>\n<\/div>\n<\/div>\n\n\n\n<div class=\"wp-block-column is-layout-flow wp-block-column-is-layout-flow\">\n<figure class=\"wp-block-image size-large\"><a href=\"https:\/\/www.boell.de\/de\/2021\/08\/18\/neue-lernkultur-fuer-alle-schulen\"><img loading=\"lazy\" decoding=\"async\" width=\"724\" height=\"1024\" src=\"https:\/\/wordpress16.gcms.verdigado.net\/wp-content\/uploads\/2021\/12\/Cover-boell.brief-16_Teilhabegesellschaft_Teilhabegesellschaft_Neue-Lernkultur-f-alle-Schulen-724x1024.jpg\" alt=\"\" class=\"wp-image-209\" srcset=\"https:\/\/gruene-bag-bildung.de\/wp-content\/uploads\/2021\/12\/Cover-boell.brief-16_Teilhabegesellschaft_Teilhabegesellschaft_Neue-Lernkultur-f-alle-Schulen-724x1024.jpg 724w, https:\/\/gruene-bag-bildung.de\/wp-content\/uploads\/2021\/12\/Cover-boell.brief-16_Teilhabegesellschaft_Teilhabegesellschaft_Neue-Lernkultur-f-alle-Schulen-212x300.jpg 212w, https:\/\/gruene-bag-bildung.de\/wp-content\/uploads\/2021\/12\/Cover-boell.brief-16_Teilhabegesellschaft_Teilhabegesellschaft_Neue-Lernkultur-f-alle-Schulen-768x1086.jpg 768w, https:\/\/gruene-bag-bildung.de\/wp-content\/uploads\/2021\/12\/Cover-boell.brief-16_Teilhabegesellschaft_Teilhabegesellschaft_Neue-Lernkultur-f-alle-Schulen-1086x1536.jpg 1086w, https:\/\/gruene-bag-bildung.de\/wp-content\/uploads\/2021\/12\/Cover-boell.brief-16_Teilhabegesellschaft_Teilhabegesellschaft_Neue-Lernkultur-f-alle-Schulen.jpg 1240w\" sizes=\"auto, (max-width: 724px) 100vw, 724px\" \/><\/a><\/figure>\n<\/div>\n\n\n\n<div class=\"wp-block-column is-layout-flow wp-block-column-is-layout-flow\">\n<figure class=\"wp-block-image size-large\"><a href=\"https:\/\/www.boell.de\/de\/2021\/04\/07\/bildungschancen-verbessern\"><img loading=\"lazy\" decoding=\"async\" width=\"724\" height=\"1024\" src=\"https:\/\/wordpress16.gcms.verdigado.net\/wp-content\/uploads\/2021\/12\/Cover-Bildungschancen-verbessern-1-724x1024.png\" alt=\"\" class=\"wp-image-210\" srcset=\"https:\/\/gruene-bag-bildung.de\/wp-content\/uploads\/2021\/12\/Cover-Bildungschancen-verbessern-1-724x1024.png 724w, https:\/\/gruene-bag-bildung.de\/wp-content\/uploads\/2021\/12\/Cover-Bildungschancen-verbessern-1-212x300.png 212w, https:\/\/gruene-bag-bildung.de\/wp-content\/uploads\/2021\/12\/Cover-Bildungschancen-verbessern-1-768x1086.png 768w, https:\/\/gruene-bag-bildung.de\/wp-content\/uploads\/2021\/12\/Cover-Bildungschancen-verbessern-1-1086x1536.png 1086w, https:\/\/gruene-bag-bildung.de\/wp-content\/uploads\/2021\/12\/Cover-Bildungschancen-verbessern-1.png 1240w\" sizes=\"auto, (max-width: 724px) 100vw, 724px\" \/><\/a><\/figure>\n<\/div>\n<\/div>\n\n\n\n<hr class=\"wp-block-separator has-css-opacity\"\/>\n\n\n\n<div class=\"wp-block-columns is-layout-flex wp-container-core-columns-is-layout-9d6595d7 wp-block-columns-is-layout-flex\">\n<div class=\"wp-block-column is-layout-flow wp-block-column-is-layout-flow\">\n<figure class=\"wp-block-image size-full\"><a href=\"https:\/\/www.boell.de\/de\/2020\/12\/08\/zum-recht-auf-bildung-zeiten-der-pandemie\"><img loading=\"lazy\" decoding=\"async\" width=\"583\" height=\"837\" src=\"https:\/\/wordpress16.gcms.verdigado.net\/wp-content\/uploads\/2021\/12\/RechtaufBildung.jpg\" alt=\"\" class=\"wp-image-205\" srcset=\"https:\/\/gruene-bag-bildung.de\/wp-content\/uploads\/2021\/12\/RechtaufBildung.jpg 583w, https:\/\/gruene-bag-bildung.de\/wp-content\/uploads\/2021\/12\/RechtaufBildung-209x300.jpg 209w\" sizes=\"auto, (max-width: 583px) 100vw, 583px\" \/><\/a><\/figure>\n<\/div>\n\n\n\n<div class=\"wp-block-column is-layout-flow wp-block-column-is-layout-flow\">\n<figure class=\"wp-block-image size-large\"><a href=\"https:\/\/www.boell.de\/de\/2021\/03\/17\/blindflug-beenden-und-stark-aus-der-krise-kommen\"><img loading=\"lazy\" decoding=\"async\" width=\"724\" height=\"1024\" src=\"https:\/\/wordpress16.gcms.verdigado.net\/wp-content\/uploads\/2021\/12\/Cover-Stark-aus-der-Krise-724x1024.png\" alt=\"\" class=\"wp-image-203\" srcset=\"https:\/\/gruene-bag-bildung.de\/wp-content\/uploads\/2021\/12\/Cover-Stark-aus-der-Krise-724x1024.png 724w, https:\/\/gruene-bag-bildung.de\/wp-content\/uploads\/2021\/12\/Cover-Stark-aus-der-Krise-212x300.png 212w, https:\/\/gruene-bag-bildung.de\/wp-content\/uploads\/2021\/12\/Cover-Stark-aus-der-Krise-768x1086.png 768w, https:\/\/gruene-bag-bildung.de\/wp-content\/uploads\/2021\/12\/Cover-Stark-aus-der-Krise-1086x1536.png 1086w, https:\/\/gruene-bag-bildung.de\/wp-content\/uploads\/2021\/12\/Cover-Stark-aus-der-Krise.png 1240w\" sizes=\"auto, (max-width: 724px) 100vw, 724px\" \/><\/a><\/figure>\n<\/div>\n\n\n\n<div class=\"wp-block-column is-layout-flow wp-block-column-is-layout-flow\">\n<figure class=\"wp-block-image size-large\"><a href=\"https:\/\/www.boell.de\/de\/2021\/01\/12\/grundrechtsklarheit\"><img loading=\"lazy\" decoding=\"async\" width=\"724\" height=\"1024\" src=\"https:\/\/wordpress16.gcms.verdigado.net\/wp-content\/uploads\/2021\/12\/Cover_boell.brief_TG_15_Grundrechtsklarhei-724x1024.png\" alt=\"\" class=\"wp-image-202\" srcset=\"https:\/\/gruene-bag-bildung.de\/wp-content\/uploads\/2021\/12\/Cover_boell.brief_TG_15_Grundrechtsklarhei-724x1024.png 724w, https:\/\/gruene-bag-bildung.de\/wp-content\/uploads\/2021\/12\/Cover_boell.brief_TG_15_Grundrechtsklarhei-212x300.png 212w, https:\/\/gruene-bag-bildung.de\/wp-content\/uploads\/2021\/12\/Cover_boell.brief_TG_15_Grundrechtsklarhei-768x1086.png 768w, https:\/\/gruene-bag-bildung.de\/wp-content\/uploads\/2021\/12\/Cover_boell.brief_TG_15_Grundrechtsklarhei-1086x1536.png 1086w, https:\/\/gruene-bag-bildung.de\/wp-content\/uploads\/2021\/12\/Cover_boell.brief_TG_15_Grundrechtsklarhei.png 1240w\" sizes=\"auto, (max-width: 724px) 100vw, 724px\" \/><\/a><\/figure>\n<\/div>\n<\/div>\n\n\n\n<hr class=\"wp-block-separator has-css-opacity\"\/>\n\n\n\n<div class=\"wp-block-columns is-layout-flex wp-container-core-columns-is-layout-9d6595d7 wp-block-columns-is-layout-flex\">\n<div class=\"wp-block-column is-layout-flow wp-block-column-is-layout-flow\">\n<figure class=\"wp-block-image size-large\"><a href=\"https:\/\/www.boell.de\/de\/2020\/09\/07\/demokratische-schule-verantwortlich-gestalten\"><img loading=\"lazy\" decoding=\"async\" width=\"724\" height=\"1024\" src=\"https:\/\/gruene-bag-bildung.de\/wp-content\/uploads\/2021\/12\/14_Teilhabegesellschaft_Demokratische-Schule-verantwortlich-gestalten_Cover-scaled-1-724x1024.jpg\" alt=\"\" class=\"wp-image-201\" srcset=\"https:\/\/gruene-bag-bildung.de\/wp-content\/uploads\/2021\/12\/14_Teilhabegesellschaft_Demokratische-Schule-verantwortlich-gestalten_Cover-scaled-1-724x1024.jpg 724w, https:\/\/gruene-bag-bildung.de\/wp-content\/uploads\/2021\/12\/14_Teilhabegesellschaft_Demokratische-Schule-verantwortlich-gestalten_Cover-scaled-1-212x300.jpg 212w, https:\/\/gruene-bag-bildung.de\/wp-content\/uploads\/2021\/12\/14_Teilhabegesellschaft_Demokratische-Schule-verantwortlich-gestalten_Cover-scaled-1-768x1086.jpg 768w, https:\/\/gruene-bag-bildung.de\/wp-content\/uploads\/2021\/12\/14_Teilhabegesellschaft_Demokratische-Schule-verantwortlich-gestalten_Cover-scaled-1-1086x1536.jpg 1086w, https:\/\/gruene-bag-bildung.de\/wp-content\/uploads\/2021\/12\/14_Teilhabegesellschaft_Demokratische-Schule-verantwortlich-gestalten_Cover-scaled-1-1448x2048.jpg 1448w, https:\/\/gruene-bag-bildung.de\/wp-content\/uploads\/2021\/12\/14_Teilhabegesellschaft_Demokratische-Schule-verantwortlich-gestalten_Cover-scaled-1.jpg 1810w\" sizes=\"auto, (max-width: 724px) 100vw, 724px\" \/><\/a><\/figure>\n<\/div>\n\n\n\n<div class=\"wp-block-column is-layout-flow wp-block-column-is-layout-flow\">\n<figure class=\"wp-block-image size-full\"><a href=\"https:\/\/www.boell.de\/de\/2020\/04\/07\/weiterbildung-40-wie-weit-traegt-die-nationale-weiterbildungsstrategie\"><img loading=\"lazy\" decoding=\"async\" width=\"645\" height=\"912\" src=\"https:\/\/wordpress16.gcms.verdigado.net\/wp-content\/uploads\/2021\/12\/Cover-Positionspapier-Weiterbildung-40.png\" alt=\"\" class=\"wp-image-200\" srcset=\"https:\/\/gruene-bag-bildung.de\/wp-content\/uploads\/2021\/12\/Cover-Positionspapier-Weiterbildung-40.png 645w, https:\/\/gruene-bag-bildung.de\/wp-content\/uploads\/2021\/12\/Cover-Positionspapier-Weiterbildung-40-212x300.png 212w\" sizes=\"auto, (max-width: 645px) 100vw, 645px\" \/><\/a><\/figure>\n<\/div>\n\n\n\n<div class=\"wp-block-column is-layout-flow wp-block-column-is-layout-flow\">\n<figure class=\"wp-block-image size-full\"><a href=\"https:\/\/www.boell.de\/de\/2020\/01\/13\/schule-zukunft-demokratie\"><img loading=\"lazy\" decoding=\"async\" width=\"680\" height=\"964\" src=\"https:\/\/wordpress16.gcms.verdigado.net\/wp-content\/uploads\/2021\/12\/Cover_boellbrief_Schule_Zukunft_Demokratie.jpg\" alt=\"\" class=\"wp-image-199\" srcset=\"https:\/\/gruene-bag-bildung.de\/wp-content\/uploads\/2021\/12\/Cover_boellbrief_Schule_Zukunft_Demokratie.jpg 680w, https:\/\/gruene-bag-bildung.de\/wp-content\/uploads\/2021\/12\/Cover_boellbrief_Schule_Zukunft_Demokratie-212x300.jpg 212w\" sizes=\"auto, (max-width: 680px) 100vw, 680px\" \/><\/a><\/figure>\n<\/div>\n<\/div>\n\n\n\n<hr class=\"wp-block-separator has-css-opacity\"\/>\n\n\n\n<div class=\"wp-block-columns is-layout-flex wp-container-core-columns-is-layout-9d6595d7 wp-block-columns-is-layout-flex\">\n<div class=\"wp-block-column is-layout-flow wp-block-column-is-layout-flow\">\n<figure class=\"wp-block-image size-large\"><a href=\"https:\/\/www.boell.de\/de\/2019\/06\/18\/angst-vor-dem-urteil\"><img loading=\"lazy\" decoding=\"async\" width=\"724\" height=\"1024\" src=\"https:\/\/wordpress16.gcms.verdigado.net\/wp-content\/uploads\/2021\/12\/boell-724x1024.png\" alt=\"\" class=\"wp-image-198\" srcset=\"https:\/\/gruene-bag-bildung.de\/wp-content\/uploads\/2021\/12\/boell-724x1024.png 724w, https:\/\/gruene-bag-bildung.de\/wp-content\/uploads\/2021\/12\/boell-212x300.png 212w, https:\/\/gruene-bag-bildung.de\/wp-content\/uploads\/2021\/12\/boell-768x1086.png 768w, https:\/\/gruene-bag-bildung.de\/wp-content\/uploads\/2021\/12\/boell-1086x1536.png 1086w, https:\/\/gruene-bag-bildung.de\/wp-content\/uploads\/2021\/12\/boell-1448x2048.png 1448w\" sizes=\"auto, (max-width: 724px) 100vw, 724px\" \/><\/a><\/figure>\n<\/div>\n\n\n\n<div class=\"wp-block-column is-layout-flow wp-block-column-is-layout-flow\">\n<figure class=\"wp-block-image size-full\"><a href=\"https:\/\/www.boell.de\/de\/2019\/04\/01\/viel-fordern-viel-zutrauen\"><img loading=\"lazy\" decoding=\"async\" width=\"592\" height=\"840\" src=\"https:\/\/wordpress16.gcms.verdigado.net\/wp-content\/uploads\/2021\/12\/boell.brief_teilhabegesellschaft_9_maerz_2019_cover.png\" alt=\"\" class=\"wp-image-197\" srcset=\"https:\/\/gruene-bag-bildung.de\/wp-content\/uploads\/2021\/12\/boell.brief_teilhabegesellschaft_9_maerz_2019_cover.png 592w, https:\/\/gruene-bag-bildung.de\/wp-content\/uploads\/2021\/12\/boell.brief_teilhabegesellschaft_9_maerz_2019_cover-211x300.png 211w\" sizes=\"auto, (max-width: 592px) 100vw, 592px\" \/><\/a><\/figure>\n<\/div>\n\n\n\n<div class=\"wp-block-column is-layout-flow wp-block-column-is-layout-flow\">\n<figure class=\"wp-block-image size-full\"><a href=\"https:\/\/www.boell.de\/de\/2019\/02\/26\/weiterbildung-40-solidarische-loesungen-fuer-das-lebenslange-lernen-im-digitalen\"><img loading=\"lazy\" decoding=\"async\" width=\"722\" height=\"1021\" src=\"https:\/\/wordpress16.gcms.verdigado.net\/wp-content\/uploads\/2021\/12\/weiterbildung-cover-1.jpg\" alt=\"\" class=\"wp-image-208\" srcset=\"https:\/\/gruene-bag-bildung.de\/wp-content\/uploads\/2021\/12\/weiterbildung-cover-1.jpg 722w, https:\/\/gruene-bag-bildung.de\/wp-content\/uploads\/2021\/12\/weiterbildung-cover-1-212x300.jpg 212w\" sizes=\"auto, (max-width: 722px) 100vw, 722px\" \/><\/a><\/figure>\n<\/div>\n<\/div>\n\n\n\n<hr class=\"wp-block-separator has-css-opacity\"\/>\n\n\n\n<div class=\"wp-block-columns is-layout-flex wp-container-core-columns-is-layout-9d6595d7 wp-block-columns-is-layout-flex\">\n<div class=\"wp-block-column is-layout-flow wp-block-column-is-layout-flow\">\n<figure class=\"wp-block-image size-full\"><a href=\"https:\/\/www.boell.de\/de\/2017\/09\/25\/boellbrief-freiheit-und-verantwortung-von-privatschulen\"><img loading=\"lazy\" decoding=\"async\" width=\"716\" height=\"1012\" src=\"https:\/\/wordpress16.gcms.verdigado.net\/wp-content\/uploads\/2021\/12\/cover_boellbrief_freiheit_verantwortung_privatschulen.png\" alt=\"\" class=\"wp-image-195\" srcset=\"https:\/\/gruene-bag-bildung.de\/wp-content\/uploads\/2021\/12\/cover_boellbrief_freiheit_verantwortung_privatschulen.png 716w, https:\/\/gruene-bag-bildung.de\/wp-content\/uploads\/2021\/12\/cover_boellbrief_freiheit_verantwortung_privatschulen-212x300.png 212w\" sizes=\"auto, (max-width: 716px) 100vw, 716px\" \/><\/a><\/figure>\n<\/div>\n\n\n\n<div class=\"wp-block-column is-layout-flow wp-block-column-is-layout-flow\">\n<figure class=\"wp-block-image size-full\"><a href=\"https:\/\/www.boell.de\/de\/2017\/09\/20\/inklusion-in-progress\"><img loading=\"lazy\" decoding=\"async\" width=\"682\" height=\"964\" src=\"https:\/\/wordpress16.gcms.verdigado.net\/wp-content\/uploads\/2021\/12\/cover-inklusion-in-progress-boell-brief.jpg\" alt=\"\" class=\"wp-image-194\" srcset=\"https:\/\/gruene-bag-bildung.de\/wp-content\/uploads\/2021\/12\/cover-inklusion-in-progress-boell-brief.jpg 682w, https:\/\/gruene-bag-bildung.de\/wp-content\/uploads\/2021\/12\/cover-inklusion-in-progress-boell-brief-212x300.jpg 212w\" sizes=\"auto, (max-width: 682px) 100vw, 682px\" \/><\/a><\/figure>\n<\/div>\n\n\n\n<div class=\"wp-block-column is-layout-flow wp-block-column-is-layout-flow\">\n<figure class=\"wp-block-image size-large\"><a href=\"https:\/\/www.boell.de\/de\/boellbrief-praevention-durch-kooperation\"><img loading=\"lazy\" decoding=\"async\" width=\"724\" height=\"1024\" src=\"https:\/\/wordpress16.gcms.verdigado.net\/wp-content\/uploads\/2021\/12\/cover_161202_e-paper_bb_teilhabe_2_volkholz-724x1024.png\" alt=\"\" class=\"wp-image-193\" srcset=\"https:\/\/gruene-bag-bildung.de\/wp-content\/uploads\/2021\/12\/cover_161202_e-paper_bb_teilhabe_2_volkholz-724x1024.png 724w, https:\/\/gruene-bag-bildung.de\/wp-content\/uploads\/2021\/12\/cover_161202_e-paper_bb_teilhabe_2_volkholz-212x300.png 212w, https:\/\/gruene-bag-bildung.de\/wp-content\/uploads\/2021\/12\/cover_161202_e-paper_bb_teilhabe_2_volkholz-768x1086.png 768w, https:\/\/gruene-bag-bildung.de\/wp-content\/uploads\/2021\/12\/cover_161202_e-paper_bb_teilhabe_2_volkholz-1086x1536.png 1086w, https:\/\/gruene-bag-bildung.de\/wp-content\/uploads\/2021\/12\/cover_161202_e-paper_bb_teilhabe_2_volkholz-1448x2048.png 1448w\" sizes=\"auto, (max-width: 724px) 100vw, 724px\" \/><\/a><\/figure>\n<\/div>\n<\/div>\n\n\n\n<hr class=\"wp-block-separator has-css-opacity\"\/>\n\n\n\n<div class=\"wp-block-columns is-layout-flex wp-container-core-columns-is-layout-9d6595d7 wp-block-columns-is-layout-flex\">\n<div class=\"wp-block-column is-layout-flow wp-block-column-is-layout-flow\">\n<figure class=\"wp-block-image size-large\"><a href=\"https:\/\/www.boell.de\/de\/2016\/08\/05\/mythos-chancengleichheit-der-grundschule\"><img loading=\"lazy\" decoding=\"async\" width=\"724\" height=\"1024\" src=\"https:\/\/wordpress16.gcms.verdigado.net\/wp-content\/uploads\/2021\/12\/160804_e-paper_privat_statt_staat-1-724x1024.png\" alt=\"\" class=\"wp-image-192\" srcset=\"https:\/\/gruene-bag-bildung.de\/wp-content\/uploads\/2021\/12\/160804_e-paper_privat_statt_staat-1-724x1024.png 724w, https:\/\/gruene-bag-bildung.de\/wp-content\/uploads\/2021\/12\/160804_e-paper_privat_statt_staat-1-212x300.png 212w, https:\/\/gruene-bag-bildung.de\/wp-content\/uploads\/2021\/12\/160804_e-paper_privat_statt_staat-1-768x1086.png 768w, https:\/\/gruene-bag-bildung.de\/wp-content\/uploads\/2021\/12\/160804_e-paper_privat_statt_staat-1-1086x1536.png 1086w, https:\/\/gruene-bag-bildung.de\/wp-content\/uploads\/2021\/12\/160804_e-paper_privat_statt_staat-1-1448x2048.png 1448w\" sizes=\"auto, (max-width: 724px) 100vw, 724px\" \/><\/a><\/figure>\n<\/div>\n\n\n\n<div class=\"wp-block-column is-layout-flow wp-block-column-is-layout-flow\">\n<figure class=\"wp-block-image size-full\"><a href=\"https:\/\/www.boell.de\/de\/2016\/11\/16\/finanzbudgets-lokaler-bildungslandschaften\"><img loading=\"lazy\" decoding=\"async\" width=\"420\" height=\"630\" src=\"https:\/\/wordpress16.gcms.verdigado.net\/wp-content\/uploads\/2021\/12\/2015-finanzbudgets-lokaler-bildungslandschaften.png\" alt=\"\" class=\"wp-image-191\" srcset=\"https:\/\/gruene-bag-bildung.de\/wp-content\/uploads\/2021\/12\/2015-finanzbudgets-lokaler-bildungslandschaften.png 420w, https:\/\/gruene-bag-bildung.de\/wp-content\/uploads\/2021\/12\/2015-finanzbudgets-lokaler-bildungslandschaften-200x300.png 200w\" sizes=\"auto, (max-width: 420px) 100vw, 420px\" \/><\/a><\/figure>\n<\/div>\n\n\n\n<div class=\"wp-block-column is-layout-flow wp-block-column-is-layout-flow\">\n<figure class=\"wp-block-image size-large\"><a href=\"https:\/\/www.boell.de\/de\/navigation\/bildungssystem-7962.html\"><img loading=\"lazy\" decoding=\"async\" width=\"713\" height=\"1024\" src=\"https:\/\/wordpress16.gcms.verdigado.net\/wp-content\/uploads\/2021\/12\/Bildschirmfoto-2021-01-26-um-17.11.09-713x1024.png\" alt=\"\" class=\"wp-image-190\" srcset=\"https:\/\/gruene-bag-bildung.de\/wp-content\/uploads\/2021\/12\/Bildschirmfoto-2021-01-26-um-17.11.09-713x1024.png 713w, https:\/\/gruene-bag-bildung.de\/wp-content\/uploads\/2021\/12\/Bildschirmfoto-2021-01-26-um-17.11.09-209x300.png 209w, https:\/\/gruene-bag-bildung.de\/wp-content\/uploads\/2021\/12\/Bildschirmfoto-2021-01-26-um-17.11.09-768x1103.png 768w, https:\/\/gruene-bag-bildung.de\/wp-content\/uploads\/2021\/12\/Bildschirmfoto-2021-01-26-um-17.11.09.png 827w\" sizes=\"auto, (max-width: 713px) 100vw, 713px\" \/><\/a><\/figure>\n<\/div>\n<\/div>\n\n\n\n<hr class=\"wp-block-separator has-css-opacity\"\/>\n<\/div>\n<\/div>\n<\/div>\n\n\n\n<div class=\"wp-block-group has-text-color has-background is-layout-flow wp-block-group-is-layout-flow\" style=\"color:#ffffff;background-color:#163c29\">\n<h2 class=\"wp-block-heading has-text-align-center h1\">Werde aktiv<\/h2>\n\n\n\n<p class=\"has-text-align-center\">Du willst bei den Gr\u00fcnen mitmachen? Dann werde hier aktiv!<\/p>\n\n\n\n<div class=\"wp-block-buttons is-horizontal is-content-justification-center is-layout-flex wp-container-core-buttons-is-layout-499968f5 wp-block-buttons-is-layout-flex\">\n<div class=\"wp-block-button\"><a class=\"wp-block-button__link no-border-radius wp-element-button\" href=\"https:\/\/sunflower-theme.de\/demo\/kontakt\/\">Mitglied werden<\/a><\/div>\n<\/div>\n<\/div>\n","protected":false},"excerpt":{"rendered":"<p>Gr\u00fcne Programmatik Bildungspolitische Positionspapiere der Heinrich-B\u00f6ll-Stiftung Werde aktiv Du willst bei den Gr\u00fcnen mitmachen? Dann werde hier aktiv!<\/p>\n","protected":false},"author":3,"featured_media":0,"parent":0,"menu_order":0,"comment_status":"closed","ping_status":"open","template":"","meta":{"footnotes":""},"class_list":["post-251","page","type-page","status-publish","hentry"],"_links":{"self":[{"href":"https:\/\/gruene-bag-bildung.de\/index.php\/wp-json\/wp\/v2\/pages\/251","targetHints":{"allow":["GET"]}}],"collection":[{"href":"https:\/\/gruene-bag-bildung.de\/index.php\/wp-json\/wp\/v2\/pages"}],"about":[{"href":"https:\/\/gruene-bag-bildung.de\/index.php\/wp-json\/wp\/v2\/types\/page"}],"author":[{"embeddable":true,"href":"https:\/\/gruene-bag-bildung.de\/index.php\/wp-json\/wp\/v2\/users\/3"}],"replies":[{"embeddable":true,"href":"https:\/\/gruene-bag-bildung.de\/index.php\/wp-json\/wp\/v2\/comments?post=251"}],"version-history":[{"count":16,"href":"https:\/\/gruene-bag-bildung.de\/index.php\/wp-json\/wp\/v2\/pages\/251\/revisions"}],"predecessor-version":[{"id":853,"href":"https:\/\/gruene-bag-bildung.de\/index.php\/wp-json\/wp\/v2\/pages\/251\/revisions\/853"}],"wp:attachment":[{"href":"https:\/\/gruene-bag-bildung.de\/index.php\/wp-json\/wp\/v2\/media?parent=251"}],"curies":[{"name":"wp","href":"https:\/\/api.w.org\/{rel}","templated":true}]}}